{"id":532,"date":"2025-02-11T14:22:11","date_gmt":"2025-02-11T14:22:11","guid":{"rendered":"https:\/\/creamobiliariobcn.com\/la-nostra-historia\/"},"modified":"2025-02-18T12:11:25","modified_gmt":"2025-02-18T12:11:25","slug":"la-nostra-historia","status":"publish","type":"page","link":"https:\/\/creamobiliariobcn.com\/ca\/la-nostra-historia\/","title":{"rendered":"La nostra hist\u00f2ria"},"content":{"rendered":"\t\t<div data-elementor-type=\"wp-page\" data-elementor-id=\"532\" class=\"elementor elementor-532 elementor-172\" data-elementor-post-type=\"page\">\n\t\t\t\t<div class=\"elementor-element elementor-element-eee13d3 e-con-full e-flex e-con e-parent\" data-id=\"eee13d3\" data-element_type=\"container\" data-e-type=\"container\" data-settings=\"{&quot;background_background&quot;:&quot;classic&quot;}\">\n\t\t<div class=\"elementor-element elementor-element-16a18d7 e-con-full e-flex e-con e-child\" data-id=\"16a18d7\" data-element_type=\"container\" data-e-type=\"container\">\n\t\t\t\t<div class=\"elementor-element elementor-element-e04d7fa elementor-widget elementor-widget-image\" data-id=\"e04d7fa\" data-element_type=\"widget\" data-e-type=\"widget\" data-widget_type=\"image.default\">\n\t\t\t\t<div class=\"elementor-widget-container\">\n\t\t\t\t\t\t\t\t\t\t\t\t\t\t\t<img fetchpriority=\"high\" decoding=\"async\" width=\"1920\" height=\"985\" src=\"https:\/\/creamobiliariobcn.com\/wp-content\/uploads\/2025\/02\/crea-mobiliario-about-intro.webp\" class=\"attachment-full size-full wp-image-492\" alt=\"\" srcset=\"https:\/\/creamobiliariobcn.com\/wp-content\/uploads\/2025\/02\/crea-mobiliario-about-intro.webp 1920w, https:\/\/creamobiliariobcn.com\/wp-content\/uploads\/2025\/02\/crea-mobiliario-about-intro-300x154.webp 300w, https:\/\/creamobiliariobcn.com\/wp-content\/uploads\/2025\/02\/crea-mobiliario-about-intro-1024x525.webp 1024w, https:\/\/creamobiliariobcn.com\/wp-content\/uploads\/2025\/02\/crea-mobiliario-about-intro-768x394.webp 768w, https:\/\/creamobiliariobcn.com\/wp-content\/uploads\/2025\/02\/crea-mobiliario-about-intro-1536x788.webp 1536w\" sizes=\"(max-width: 1920px) 100vw, 1920px\" \/>\t\t\t\t\t\t\t\t\t\t\t\t\t\t\t<\/div>\n\t\t\t\t<\/div>\n\t\t<div class=\"elementor-element elementor-element-8d4350b e-con-full e-flex e-con e-child\" data-id=\"8d4350b\" data-element_type=\"container\" data-e-type=\"container\">\n\t\t\t\t<div class=\"elementor-element elementor-element-fe569d3 elementor-widget__width-initial elementor-widget elementor-widget-heading\" data-id=\"fe569d3\" data-element_type=\"widget\" data-e-type=\"widget\" data-widget_type=\"heading.default\">\n\t\t\t\t<div class=\"elementor-widget-container\">\n\t\t\t\t\t<h1 class=\"elementor-heading-title elementor-size-default\">La nostra hist\u00f2ria<\/h1>\t\t\t\t<\/div>\n\t\t\t\t<\/div>\n\t\t\t\t<div class=\"elementor-element elementor-element-fd9bb36 elementor-widget__width-initial elementor-widget elementor-widget-text-editor\" data-id=\"fd9bb36\" data-element_type=\"widget\" data-e-type=\"widget\" data-widget_type=\"text-editor.default\">\n\t\t\t\t<div class=\"elementor-widget-container\">\n\t\t\t\t\t\t\t\t\t<p>Crea Mobiliario va n\u00e9ixer el 2014 de la m\u00e0 d&#8217;\u00d3scar i Dani, dos professionals amb una \u00e0mplia traject\u00f2ria al sector del mobiliari.<\/p>\n\t\t\t\t\t\t\t\t<\/div>\n\t\t\t\t<\/div>\n\t\t\t\t<\/div>\n\t\t\t\t<\/div>\n\t\t<div class=\"elementor-element elementor-element-097e185 e-con-full e-flex e-con e-child\" data-id=\"097e185\" data-element_type=\"container\" data-e-type=\"container\">\n\t\t<div class=\"elementor-element elementor-element-1bf1099 e-con-full e-flex elementor-invisible e-con e-child\" data-id=\"1bf1099\" data-element_type=\"container\" data-e-type=\"container\" data-settings=\"{&quot;animation&quot;:&quot;fadeInLeft&quot;}\">\n\t\t\t\t<\/div>\n\t\t<div class=\"elementor-element elementor-element-4c049cb e-con-full e-flex elementor-invisible e-con e-child\" data-id=\"4c049cb\" data-element_type=\"container\" data-e-type=\"container\" data-settings=\"{&quot;animation&quot;:&quot;fadeInRight&quot;}\">\n\t\t\t\t<div class=\"elementor-element elementor-element-05ea4f0 elementor-widget elementor-widget-text-editor\" data-id=\"05ea4f0\" data-element_type=\"widget\" data-e-type=\"widget\" data-widget_type=\"text-editor.default\">\n\t\t\t\t<div class=\"elementor-widget-container\">\n\t\t\t\t\t\t\t\t\t<p><span style=\"font-weight: 400;\">Despr\u00e9s del tancament de l&#8217;empresa on treballaven, La Metal\u00fargica, van decidir emprendre el seu propi cam\u00ed i van fundar Crea Mobiliario, combinant els seus coneixements.<\/span><\/p>\n\t\t\t\t\t\t\t\t<\/div>\n\t\t\t\t<\/div>\n\t\t\t\t<div class=\"elementor-element elementor-element-c2e7e7e elementor-widget elementor-widget-text-editor\" data-id=\"c2e7e7e\" data-element_type=\"widget\" data-e-type=\"widget\" data-widget_type=\"text-editor.default\">\n\t\t\t\t<div class=\"elementor-widget-container\">\n\t\t\t\t\t\t\t\t\t<p>Dani, expert en maquin\u00e0ria i fabricaci\u00f3, i \u00d3scar, amb una s\u00f2lida experi\u00e8ncia a la part comercial.<\/p>\n\t\t\t\t\t\t\t\t<\/div>\n\t\t\t\t<\/div>\n\t\t\t\t<\/div>\n\t\t\t\t<\/div>\n\t\t<div class=\"elementor-element elementor-element-e91eacb e-con-full e-flex e-con e-child\" data-id=\"e91eacb\" data-element_type=\"container\" data-e-type=\"container\">\n\t\t<div class=\"elementor-element elementor-element-642f25f e-con-full e-flex elementor-invisible e-con e-child\" data-id=\"642f25f\" data-element_type=\"container\" data-e-type=\"container\" data-settings=\"{&quot;animation&quot;:&quot;fadeInLeft&quot;}\">\n\t\t\t\t<div class=\"elementor-element elementor-element-1307806 elementor-widget elementor-widget-text-editor\" data-id=\"1307806\" data-element_type=\"widget\" data-e-type=\"widget\" data-widget_type=\"text-editor.default\">\n\t\t\t\t<div class=\"elementor-widget-container\">\n\t\t\t\t\t\t\t\t\t<p>Al comen\u00e7ament, l&#8217;empresa es va especialitzar en la fabricaci\u00f3 de cadires i taules per a hostaleria.<\/p>\n\t\t\t\t\t\t\t\t<\/div>\n\t\t\t\t<\/div>\n\t\t\t\t<div class=\"elementor-element elementor-element-d82f539 elementor-widget elementor-widget-text-editor\" data-id=\"d82f539\" data-element_type=\"widget\" data-e-type=\"widget\" data-widget_type=\"text-editor.default\">\n\t\t\t\t<div class=\"elementor-widget-container\">\n\t\t\t\t\t\t\t\t\t<p><span style=\"font-weight: 400;\">Tot i aix\u00f2, gr\u00e0cies al profund coneixement t\u00e8cnic de Dani, aviat van ampliar la seva oferta cap a la fabricaci\u00f3 de mobles per a hotels, biblioteques, resid\u00e8ncies i altres espais col\u00b7lectius<\/span><\/p>\n\t\t\t\t\t\t\t\t<\/div>\n\t\t\t\t<\/div>\n\t\t\t\t<\/div>\n\t\t<div class=\"elementor-element elementor-element-74dfa66 e-con-full e-flex elementor-invisible e-con e-child\" data-id=\"74dfa66\" data-element_type=\"container\" data-e-type=\"container\" data-settings=\"{&quot;background_background&quot;:&quot;classic&quot;,&quot;animation&quot;:&quot;fadeInRight&quot;}\">\n\t\t\t\t<div class=\"elementor-element elementor-element-285998b elementor-widget elementor-widget-image-carousel\" data-id=\"285998b\" data-element_type=\"widget\" data-e-type=\"widget\" data-settings=\"{&quot;slides_to_show&quot;:&quot;1&quot;,&quot;navigation&quot;:&quot;none&quot;,&quot;autoplay_speed&quot;:1600,&quot;effect&quot;:&quot;fade&quot;,&quot;speed&quot;:900,&quot;autoplay&quot;:&quot;yes&quot;,&quot;infinite&quot;:&quot;yes&quot;}\" data-widget_type=\"image-carousel.default\">\n\t\t\t\t<div class=\"elementor-widget-container\">\n\t\t\t\t\t\t\t<div class=\"elementor-image-carousel-wrapper swiper\" role=\"region\" aria-roledescription=\"carousel\" aria-label=\"Carrusel de im\u00e1genes\" dir=\"ltr\">\n\t\t\t<div class=\"elementor-image-carousel swiper-wrapper\" aria-live=\"off\">\n\t\t\t\t\t\t\t\t<div class=\"swiper-slide\" role=\"group\" aria-roledescription=\"slide\" aria-label=\"1 de 7\"><figure class=\"swiper-slide-inner\"><img decoding=\"async\" class=\"swiper-slide-image\" src=\"https:\/\/creamobiliariobcn.com\/wp-content\/uploads\/2025\/02\/crea-mobiliario-about-07.webp\" alt=\"crea mobiliario about 07\" \/><\/figure><\/div><div class=\"swiper-slide\" role=\"group\" aria-roledescription=\"slide\" aria-label=\"2 de 7\"><figure class=\"swiper-slide-inner\"><img decoding=\"async\" class=\"swiper-slide-image\" src=\"https:\/\/creamobiliariobcn.com\/wp-content\/uploads\/2025\/02\/crea-mobiliario-about-08.webp\" alt=\"crea mobiliario about 08\" \/><\/figure><\/div><div class=\"swiper-slide\" role=\"group\" aria-roledescription=\"slide\" aria-label=\"3 de 7\"><figure class=\"swiper-slide-inner\"><img decoding=\"async\" class=\"swiper-slide-image\" src=\"https:\/\/creamobiliariobcn.com\/wp-content\/uploads\/2025\/02\/crea-mobiliario-about-09.webp\" alt=\"crea mobiliario about 09\" \/><\/figure><\/div><div class=\"swiper-slide\" role=\"group\" aria-roledescription=\"slide\" aria-label=\"4 de 7\"><figure class=\"swiper-slide-inner\"><img decoding=\"async\" class=\"swiper-slide-image\" src=\"https:\/\/creamobiliariobcn.com\/wp-content\/uploads\/2025\/02\/crea-mobiliario-about-10.webp\" alt=\"crea mobiliario about 10\" \/><\/figure><\/div><div class=\"swiper-slide\" role=\"group\" aria-roledescription=\"slide\" aria-label=\"5 de 7\"><figure class=\"swiper-slide-inner\"><img decoding=\"async\" class=\"swiper-slide-image\" src=\"https:\/\/creamobiliariobcn.com\/wp-content\/uploads\/2025\/02\/crea-mobliario-about-04.webp\" alt=\"crea mobliario about 04\" \/><\/figure><\/div><div class=\"swiper-slide\" role=\"group\" aria-roledescription=\"slide\" aria-label=\"6 de 7\"><figure class=\"swiper-slide-inner\"><img decoding=\"async\" class=\"swiper-slide-image\" src=\"https:\/\/creamobiliariobcn.com\/wp-content\/uploads\/2025\/02\/crea-mobiliario-about-05.webp\" alt=\"crea mobiliario about 05\" \/><\/figure><\/div><div class=\"swiper-slide\" role=\"group\" aria-roledescription=\"slide\" aria-label=\"7 de 7\"><figure class=\"swiper-slide-inner\"><img decoding=\"async\" class=\"swiper-slide-image\" src=\"https:\/\/creamobiliariobcn.com\/wp-content\/uploads\/2025\/02\/crea-mobiliario-about-06.webp\" alt=\"crea mobiliario about 06\" \/><\/figure><\/div>\t\t\t<\/div>\n\t\t\t\t\t\t\t\n\t\t\t\t\t\t\t\t\t<\/div>\n\t\t\t\t\t\t<\/div>\n\t\t\t\t<\/div>\n\t\t\t\t<\/div>\n\t\t\t\t<\/div>\n\t\t<div class=\"elementor-element elementor-element-9766dd9 e-con-full e-flex e-con e-child\" data-id=\"9766dd9\" data-element_type=\"container\" data-e-type=\"container\" data-settings=\"{&quot;background_background&quot;:&quot;classic&quot;}\">\n\t\t<div class=\"elementor-element elementor-element-5d2f931 e-con-full e-flex elementor-invisible e-con e-child\" data-id=\"5d2f931\" data-element_type=\"container\" data-e-type=\"container\" data-settings=\"{&quot;background_background&quot;:&quot;classic&quot;,&quot;animation&quot;:&quot;fadeInLeft&quot;}\">\n\t\t\t\t<div class=\"elementor-element elementor-element-fa37b11 elementor-widget elementor-widget-text-editor\" data-id=\"fa37b11\" data-element_type=\"widget\" data-e-type=\"widget\" data-widget_type=\"text-editor.default\">\n\t\t\t\t<div class=\"elementor-widget-container\">\n\t\t\t\t\t\t\t\t\t<p>El gran punt d&#8217;inflexi\u00f3 va arribar quan van aconseguir incorporar comercials especialitzats en mobiliari de cuina.<\/p>\n\t\t\t\t\t\t\t\t<\/div>\n\t\t\t\t<\/div>\n\t\t\t\t<div class=\"elementor-element elementor-element-d082707 elementor-widget elementor-widget-text-editor\" data-id=\"d082707\" data-element_type=\"widget\" data-e-type=\"widget\" data-widget_type=\"text-editor.default\">\n\t\t\t\t<div class=\"elementor-widget-container\">\n\t\t\t\t\t\t\t\t\t<p>Amb la seva experi\u00e8ncia pr\u00e8via en aquest sector, van aprofitar l&#8217;oportunitat per expandir-se i enfortir aquesta l\u00ednia de negoci. Avui dia, el mobiliari de cuina representa el 70% de la nostra producci\u00f3, consolidant-nos com a referent en disseny i fabricaci\u00f3.<\/p>\n\t\t\t\t\t\t\t\t<\/div>\n\t\t\t\t<\/div>\n\t\t\t\t<\/div>\n\t\t\t\t<\/div>\n\t\t\t\t<\/div>\n\t\t<div class=\"elementor-element elementor-element-99cceaf e-con-full e-flex e-con e-parent\" data-id=\"99cceaf\" data-element_type=\"container\" data-e-type=\"container\">\n\t\t<div class=\"elementor-element elementor-element-1ce704b e-flex e-con-boxed elementor-invisible e-con e-child\" data-id=\"1ce704b\" data-element_type=\"container\" data-e-type=\"container\" data-settings=\"{&quot;animation&quot;:&quot;fadeInUp&quot;}\">\n\t\t\t\t\t<div class=\"e-con-inner\">\n\t\t\t\t<div class=\"elementor-element elementor-element-1dbe683 elementor-widget elementor-widget-text-editor\" data-id=\"1dbe683\" data-element_type=\"widget\" data-e-type=\"widget\" data-widget_type=\"text-editor.default\">\n\t\t\t\t<div class=\"elementor-widget-container\">\n\t\t\t\t\t\t\t\t\t<p>A Crea Mobiliario seguim creixent, sempre fidels al nostre comprom\u00eds amb la qualitat, la funcionalitat i la personalitzaci\u00f3.  <\/p>\n\t\t\t\t\t\t\t\t<\/div>\n\t\t\t\t<\/div>\n\t\t\t\t<div class=\"elementor-element elementor-element-9acc110 elementor-widget elementor-widget-text-editor\" data-id=\"9acc110\" data-element_type=\"widget\" data-e-type=\"widget\" data-widget_type=\"text-editor.default\">\n\t\t\t\t<div class=\"elementor-widget-container\">\n\t\t\t\t\t\t\t\t\tCada projecte \u00e9s una nova oportunitat per innovar i oferir solucions a mida, tant per a llars com per a grans espais professionals.\n\t\t\t\t\t\t\t\t<\/div>\n\t\t\t\t<\/div>\n\t\t\t\t\t<\/div>\n\t\t\t\t<\/div>\n\t\t<div class=\"elementor-element elementor-element-c24693d e-con-full e-flex e-con e-child\" data-id=\"c24693d\" data-element_type=\"container\" data-e-type=\"container\">\n\t\t\t\t<div class=\"elementor-element elementor-element-ddcb8b8 elementor-widget elementor-widget-video\" data-id=\"ddcb8b8\" data-element_type=\"widget\" data-e-type=\"widget\" data-settings=\"{&quot;video_type&quot;:&quot;hosted&quot;,&quot;autoplay&quot;:&quot;yes&quot;,&quot;play_on_mobile&quot;:&quot;yes&quot;,&quot;mute&quot;:&quot;yes&quot;,&quot;loop&quot;:&quot;yes&quot;}\" data-widget_type=\"video.default\">\n\t\t\t\t<div class=\"elementor-widget-container\">\n\t\t\t\t\t\t\t<div class=\"e-hosted-video elementor-wrapper elementor-open-inline\">\n\t\t\t\t\t<video class=\"elementor-video\" src=\"https:\/\/creamobiliariobcn.com\/videos\/video-about-01.mp4\" autoplay=\"\" loop=\"\" muted=\"muted\" playsinline=\"\" controlsList=\"nodownload\"><\/video>\n\t\t\t\t<\/div>\n\t\t\t\t\t\t<\/div>\n\t\t\t\t<\/div>\n\t\t\t\t<div class=\"elementor-element elementor-element-04cfbf9 elementor-widget elementor-widget-video\" data-id=\"04cfbf9\" data-element_type=\"widget\" data-e-type=\"widget\" data-settings=\"{&quot;video_type&quot;:&quot;hosted&quot;,&quot;autoplay&quot;:&quot;yes&quot;,&quot;play_on_mobile&quot;:&quot;yes&quot;,&quot;mute&quot;:&quot;yes&quot;,&quot;loop&quot;:&quot;yes&quot;}\" data-widget_type=\"video.default\">\n\t\t\t\t<div class=\"elementor-widget-container\">\n\t\t\t\t\t\t\t<div class=\"e-hosted-video elementor-wrapper elementor-open-inline\">\n\t\t\t\t\t<video class=\"elementor-video\" src=\"https:\/\/creamobiliariobcn.com\/videos\/video-about-02.mp4\" autoplay=\"\" loop=\"\" muted=\"muted\" playsinline=\"\" controlsList=\"nodownload\"><\/video>\n\t\t\t\t<\/div>\n\t\t\t\t\t\t<\/div>\n\t\t\t\t<\/div>\n\t\t\t\t<div class=\"elementor-element elementor-element-9c6ca44 elementor-widget elementor-widget-video\" data-id=\"9c6ca44\" data-element_type=\"widget\" data-e-type=\"widget\" data-settings=\"{&quot;video_type&quot;:&quot;hosted&quot;,&quot;autoplay&quot;:&quot;yes&quot;,&quot;play_on_mobile&quot;:&quot;yes&quot;,&quot;mute&quot;:&quot;yes&quot;,&quot;loop&quot;:&quot;yes&quot;}\" data-widget_type=\"video.default\">\n\t\t\t\t<div class=\"elementor-widget-container\">\n\t\t\t\t\t\t\t<div class=\"e-hosted-video elementor-wrapper elementor-open-inline\">\n\t\t\t\t\t<video class=\"elementor-video\" src=\"https:\/\/creamobiliariobcn.com\/videos\/video-about-04.mp4\" autoplay=\"\" loop=\"\" muted=\"muted\" playsinline=\"\" controlsList=\"nodownload\"><\/video>\n\t\t\t\t<\/div>\n\t\t\t\t\t\t<\/div>\n\t\t\t\t<\/div>\n\t\t\t\t<\/div>\n\t\t\t\t<\/div>\n\t\t\t\t<\/div>\n\t\t","protected":false},"excerpt":{"rendered":"<p>Crea Mobiliario va n\u00e9ixer el 2014 de la m\u00e0 d&#8217;\u00d3scar i Dani, dos professionals amb una \u00e0mplia traject\u00f2ria al sector del mobiliari. Despr\u00e9s del tancament de l&#8217;empresa on treballaven, La Metal\u00fargica, van decidir emprendre el seu propi cam\u00ed i van fundar Crea Mobiliario, combinant els seus coneixements. Dani, expert en maquin\u00e0ria i fabricaci\u00f3, i \u00d3scar, [&hellip;]<\/p>\n","protected":false},"author":2,"featured_media":480,"parent":0,"menu_order":0,"comment_status":"closed","ping_status":"closed","template":"","meta":{"_acf_changed":false,"footnotes":""},"class_list":["post-532","page","type-page","status-publish","has-post-thumbnail","hentry"],"acf":[],"yoast_head":"<!-- This site is optimized with the Yoast SEO plugin v27.5 - https:\/\/yoast.com\/product\/yoast-seo-wordpress\/ -->\n<title>Crea Mobiliario - Sobre nosaltres<\/title>\n<meta name=\"description\" content=\"A Crea Mobiliario seguim creixent, sempre fidels al nostre comprom\u00eds amb la qualitat, la funcionalitat i la personalitzaci\u00f3.\" \/>\n<meta name=\"robots\" content=\"index, follow, max-snippet:-1, max-image-preview:large, max-video-preview:-1\" \/>\n<link rel=\"canonical\" href=\"https:\/\/creamobiliariobcn.com\/ca\/la-nostra-historia\/\" \/>\n<meta property=\"og:locale\" content=\"ca_ES\" \/>\n<meta property=\"og:type\" content=\"article\" \/>\n<meta property=\"og:title\" content=\"Crea Mobiliario - Sobre nosaltres\" \/>\n<meta property=\"og:description\" content=\"A Crea Mobiliario seguim creixent, sempre fidels al nostre comprom\u00eds amb la qualitat, la funcionalitat i la personalitzaci\u00f3.\" \/>\n<meta property=\"og:url\" content=\"https:\/\/creamobiliariobcn.com\/ca\/la-nostra-historia\/\" \/>\n<meta property=\"og:site_name\" content=\"Crea Mobiliario\" \/>\n<meta property=\"article:modified_time\" content=\"2025-02-18T12:11:25+00:00\" \/>\n<meta property=\"og:image\" content=\"https:\/\/creamobiliariobcn.com\/wp-content\/uploads\/2025\/02\/crea-mobiliari-about-01.webp\" \/>\n\t<meta property=\"og:image:width\" content=\"1920\" \/>\n\t<meta property=\"og:image:height\" content=\"1155\" \/>\n\t<meta property=\"og:image:type\" content=\"image\/webp\" \/>\n<meta name=\"twitter:card\" content=\"summary_large_image\" \/>\n<meta name=\"twitter:label1\" content=\"Temps estimat de lectura\" \/>\n\t<meta name=\"twitter:data1\" content=\"3 minuts\" \/>\n<script type=\"application\/ld+json\" class=\"yoast-schema-graph\">{\"@context\":\"https:\\\/\\\/schema.org\",\"@graph\":[{\"@type\":\"WebPage\",\"@id\":\"https:\\\/\\\/creamobiliariobcn.com\\\/ca\\\/la-nostra-historia\\\/\",\"url\":\"https:\\\/\\\/creamobiliariobcn.com\\\/ca\\\/la-nostra-historia\\\/\",\"name\":\"Crea Mobiliario - Sobre nosaltres\",\"isPartOf\":{\"@id\":\"https:\\\/\\\/creamobiliariobcn.com\\\/ca\\\/#website\"},\"primaryImageOfPage\":{\"@id\":\"https:\\\/\\\/creamobiliariobcn.com\\\/ca\\\/la-nostra-historia\\\/#primaryimage\"},\"image\":{\"@id\":\"https:\\\/\\\/creamobiliariobcn.com\\\/ca\\\/la-nostra-historia\\\/#primaryimage\"},\"thumbnailUrl\":\"https:\\\/\\\/creamobiliariobcn.com\\\/wp-content\\\/uploads\\\/2025\\\/02\\\/crea-mobiliari-about-01.webp\",\"datePublished\":\"2025-02-11T14:22:11+00:00\",\"dateModified\":\"2025-02-18T12:11:25+00:00\",\"description\":\"A Crea Mobiliario seguim creixent, sempre fidels al nostre comprom\u00eds amb la qualitat, la funcionalitat i la personalitzaci\u00f3.\",\"breadcrumb\":{\"@id\":\"https:\\\/\\\/creamobiliariobcn.com\\\/ca\\\/la-nostra-historia\\\/#breadcrumb\"},\"inLanguage\":\"ca\",\"potentialAction\":[{\"@type\":\"ReadAction\",\"target\":[\"https:\\\/\\\/creamobiliariobcn.com\\\/ca\\\/la-nostra-historia\\\/\"]}]},{\"@type\":\"ImageObject\",\"inLanguage\":\"ca\",\"@id\":\"https:\\\/\\\/creamobiliariobcn.com\\\/ca\\\/la-nostra-historia\\\/#primaryimage\",\"url\":\"https:\\\/\\\/creamobiliariobcn.com\\\/wp-content\\\/uploads\\\/2025\\\/02\\\/crea-mobiliari-about-01.webp\",\"contentUrl\":\"https:\\\/\\\/creamobiliariobcn.com\\\/wp-content\\\/uploads\\\/2025\\\/02\\\/crea-mobiliari-about-01.webp\",\"width\":1920,\"height\":1155},{\"@type\":\"BreadcrumbList\",\"@id\":\"https:\\\/\\\/creamobiliariobcn.com\\\/ca\\\/la-nostra-historia\\\/#breadcrumb\",\"itemListElement\":[{\"@type\":\"ListItem\",\"position\":1,\"name\":\"Portada\",\"item\":\"https:\\\/\\\/creamobiliariobcn.com\\\/ca\\\/inici\\\/\"},{\"@type\":\"ListItem\",\"position\":2,\"name\":\"La nostra hist\u00f2ria\"}]},{\"@type\":\"WebSite\",\"@id\":\"https:\\\/\\\/creamobiliariobcn.com\\\/ca\\\/#website\",\"url\":\"https:\\\/\\\/creamobiliariobcn.com\\\/ca\\\/\",\"name\":\"Crea Mobiliari\",\"description\":\"Mobiliario a medida para cocinas y vestidores\",\"publisher\":{\"@id\":\"https:\\\/\\\/creamobiliariobcn.com\\\/ca\\\/#organization\"},\"potentialAction\":[{\"@type\":\"SearchAction\",\"target\":{\"@type\":\"EntryPoint\",\"urlTemplate\":\"https:\\\/\\\/creamobiliariobcn.com\\\/ca\\\/?s={search_term_string}\"},\"query-input\":{\"@type\":\"PropertyValueSpecification\",\"valueRequired\":true,\"valueName\":\"search_term_string\"}}],\"inLanguage\":\"ca\"},{\"@type\":\"Organization\",\"@id\":\"https:\\\/\\\/creamobiliariobcn.com\\\/ca\\\/#organization\",\"name\":\"Crea Mobiliari\",\"url\":\"https:\\\/\\\/creamobiliariobcn.com\\\/ca\\\/\",\"logo\":{\"@type\":\"ImageObject\",\"inLanguage\":\"ca\",\"@id\":\"https:\\\/\\\/creamobiliariobcn.com\\\/ca\\\/#\\\/schema\\\/logo\\\/image\\\/\",\"url\":\"https:\\\/\\\/creamobiliariobcn.com\\\/wp-content\\\/uploads\\\/2025\\\/01\\\/logo-crea-mobiliario.svg\",\"contentUrl\":\"https:\\\/\\\/creamobiliariobcn.com\\\/wp-content\\\/uploads\\\/2025\\\/01\\\/logo-crea-mobiliario.svg\",\"width\":176,\"height\":60,\"caption\":\"Crea Mobiliari\"},\"image\":{\"@id\":\"https:\\\/\\\/creamobiliariobcn.com\\\/ca\\\/#\\\/schema\\\/logo\\\/image\\\/\"},\"sameAs\":[\"https:\\\/\\\/www.instagram.com\\\/creamobiliario\\\/\"]}]}<\/script>\n<!-- \/ Yoast SEO plugin. -->","yoast_head_json":{"title":"Crea Mobiliario - Sobre nosaltres","description":"A Crea Mobiliario seguim creixent, sempre fidels al nostre comprom\u00eds amb la qualitat, la funcionalitat i la personalitzaci\u00f3.","robots":{"index":"index","follow":"follow","max-snippet":"max-snippet:-1","max-image-preview":"max-image-preview:large","max-video-preview":"max-video-preview:-1"},"canonical":"https:\/\/creamobiliariobcn.com\/ca\/la-nostra-historia\/","og_locale":"ca_ES","og_type":"article","og_title":"Crea Mobiliario - Sobre nosaltres","og_description":"A Crea Mobiliario seguim creixent, sempre fidels al nostre comprom\u00eds amb la qualitat, la funcionalitat i la personalitzaci\u00f3.","og_url":"https:\/\/creamobiliariobcn.com\/ca\/la-nostra-historia\/","og_site_name":"Crea Mobiliario","article_modified_time":"2025-02-18T12:11:25+00:00","og_image":[{"width":1920,"height":1155,"url":"https:\/\/creamobiliariobcn.com\/wp-content\/uploads\/2025\/02\/crea-mobiliari-about-01.webp","type":"image\/webp"}],"twitter_card":"summary_large_image","twitter_misc":{"Temps estimat de lectura":"3 minuts"},"schema":{"@context":"https:\/\/schema.org","@graph":[{"@type":"WebPage","@id":"https:\/\/creamobiliariobcn.com\/ca\/la-nostra-historia\/","url":"https:\/\/creamobiliariobcn.com\/ca\/la-nostra-historia\/","name":"Crea Mobiliario - Sobre nosaltres","isPartOf":{"@id":"https:\/\/creamobiliariobcn.com\/ca\/#website"},"primaryImageOfPage":{"@id":"https:\/\/creamobiliariobcn.com\/ca\/la-nostra-historia\/#primaryimage"},"image":{"@id":"https:\/\/creamobiliariobcn.com\/ca\/la-nostra-historia\/#primaryimage"},"thumbnailUrl":"https:\/\/creamobiliariobcn.com\/wp-content\/uploads\/2025\/02\/crea-mobiliari-about-01.webp","datePublished":"2025-02-11T14:22:11+00:00","dateModified":"2025-02-18T12:11:25+00:00","description":"A Crea Mobiliario seguim creixent, sempre fidels al nostre comprom\u00eds amb la qualitat, la funcionalitat i la personalitzaci\u00f3.","breadcrumb":{"@id":"https:\/\/creamobiliariobcn.com\/ca\/la-nostra-historia\/#breadcrumb"},"inLanguage":"ca","potentialAction":[{"@type":"ReadAction","target":["https:\/\/creamobiliariobcn.com\/ca\/la-nostra-historia\/"]}]},{"@type":"ImageObject","inLanguage":"ca","@id":"https:\/\/creamobiliariobcn.com\/ca\/la-nostra-historia\/#primaryimage","url":"https:\/\/creamobiliariobcn.com\/wp-content\/uploads\/2025\/02\/crea-mobiliari-about-01.webp","contentUrl":"https:\/\/creamobiliariobcn.com\/wp-content\/uploads\/2025\/02\/crea-mobiliari-about-01.webp","width":1920,"height":1155},{"@type":"BreadcrumbList","@id":"https:\/\/creamobiliariobcn.com\/ca\/la-nostra-historia\/#breadcrumb","itemListElement":[{"@type":"ListItem","position":1,"name":"Portada","item":"https:\/\/creamobiliariobcn.com\/ca\/inici\/"},{"@type":"ListItem","position":2,"name":"La nostra hist\u00f2ria"}]},{"@type":"WebSite","@id":"https:\/\/creamobiliariobcn.com\/ca\/#website","url":"https:\/\/creamobiliariobcn.com\/ca\/","name":"Crea Mobiliari","description":"Mobiliario a medida para cocinas y vestidores","publisher":{"@id":"https:\/\/creamobiliariobcn.com\/ca\/#organization"},"potentialAction":[{"@type":"SearchAction","target":{"@type":"EntryPoint","urlTemplate":"https:\/\/creamobiliariobcn.com\/ca\/?s={search_term_string}"},"query-input":{"@type":"PropertyValueSpecification","valueRequired":true,"valueName":"search_term_string"}}],"inLanguage":"ca"},{"@type":"Organization","@id":"https:\/\/creamobiliariobcn.com\/ca\/#organization","name":"Crea Mobiliari","url":"https:\/\/creamobiliariobcn.com\/ca\/","logo":{"@type":"ImageObject","inLanguage":"ca","@id":"https:\/\/creamobiliariobcn.com\/ca\/#\/schema\/logo\/image\/","url":"https:\/\/creamobiliariobcn.com\/wp-content\/uploads\/2025\/01\/logo-crea-mobiliario.svg","contentUrl":"https:\/\/creamobiliariobcn.com\/wp-content\/uploads\/2025\/01\/logo-crea-mobiliario.svg","width":176,"height":60,"caption":"Crea Mobiliari"},"image":{"@id":"https:\/\/creamobiliariobcn.com\/ca\/#\/schema\/logo\/image\/"},"sameAs":["https:\/\/www.instagram.com\/creamobiliario\/"]}]}},"_links":{"self":[{"href":"https:\/\/creamobiliariobcn.com\/ca\/wp-json\/wp\/v2\/pages\/532","targetHints":{"allow":["GET"]}}],"collection":[{"href":"https:\/\/creamobiliariobcn.com\/ca\/wp-json\/wp\/v2\/pages"}],"about":[{"href":"https:\/\/creamobiliariobcn.com\/ca\/wp-json\/wp\/v2\/types\/page"}],"author":[{"embeddable":true,"href":"https:\/\/creamobiliariobcn.com\/ca\/wp-json\/wp\/v2\/users\/2"}],"replies":[{"embeddable":true,"href":"https:\/\/creamobiliariobcn.com\/ca\/wp-json\/wp\/v2\/comments?post=532"}],"version-history":[{"count":2,"href":"https:\/\/creamobiliariobcn.com\/ca\/wp-json\/wp\/v2\/pages\/532\/revisions"}],"predecessor-version":[{"id":587,"href":"https:\/\/creamobiliariobcn.com\/ca\/wp-json\/wp\/v2\/pages\/532\/revisions\/587"}],"wp:featuredmedia":[{"embeddable":true,"href":"https:\/\/creamobiliariobcn.com\/ca\/wp-json\/wp\/v2\/media\/480"}],"wp:attachment":[{"href":"https:\/\/creamobiliariobcn.com\/ca\/wp-json\/wp\/v2\/media?parent=532"}],"curies":[{"name":"wp","href":"https:\/\/api.w.org\/{rel}","templated":true}]}}