{"id":563,"date":"2025-02-12T16:18:32","date_gmt":"2025-02-12T16:18:32","guid":{"rendered":"https:\/\/creamobiliariobcn.com\/?page_id=563"},"modified":"2025-02-18T11:56:23","modified_gmt":"2025-02-18T11:56:23","slug":"avis-legal","status":"publish","type":"page","link":"https:\/\/creamobiliariobcn.com\/ca\/avis-legal\/","title":{"rendered":"Av\u00eds legal"},"content":{"rendered":"<p><strong>1.- IDENTIFICADOR DEL TITULAR DEL PRESENT LLOC I P\u00c0GINES WEB<\/strong><br \/>\nPer tal de donar compliment al que disposen les obligacions disposades a la Llei 34\/2002, d&#8217;11 de juliol, de Serveis de la Societat de la Informaci\u00f3 i de Comer\u00e7 Electr\u00f2nic (LSSICE), a continuaci\u00f3 s&#8217;indiquen les dades d&#8217;informaci\u00f3 general i d&#8217;identificaci\u00f3 d&#8217;aquest lloc web.<br \/>\nAquest lloc web \u00e9s propietat de Crea Mobiliario 2014 Sl., amb NIF B66815150 amb correu electr\u00f2nic a efectes de notificacions comercial@crea-mobiliario.es<\/p>\n<p>&nbsp;<\/p>\n<p><strong>2.- CONDICIONS D&#8217;\u00daS<\/strong><br \/>\nAquest lloc web cont\u00e9 materials preparats per Crea Mobiliario 2014 Sl. que han estat inclosos a mer t\u00edtol informatiu. Crea Mobiliari 2014 Sl. no es responsabilitza dels errors o omissions de qu\u00e8 poguessin patir els continguts d&#8217;aquest lloc web ni assumeix cap deure o comprom\u00eds de verificar ni de vigilar els continguts i les informacions d&#8217;aquesta p\u00e0gina web.<br \/>\nTota persona que accedeixi a aquest lloc web assumeix el paper d&#8217;usuari, comprometent-se a l&#8217;observan\u00e7a i el compliment rigor\u00f3s de les disposicions aqu\u00ed disposades, aix\u00ed com a qualsevol altra disposici\u00f3 legal que sigui aplicable.<br \/>\nCrea Mobiliari 2014 Sl. es reserva el dret de modificar qualsevol tipus d&#8217;informaci\u00f3 que pogu\u00e9s apar\u00e8ixer al lloc web, sense que hi hagi obligaci\u00f3 de preavisar o posar en coneixement dels usuaris aquestes obligacions, entenent-se com suficient amb la publicaci\u00f3 en aquest lloc web.<\/p>\n<p>&nbsp;<\/p>\n<p><strong>3.- LIMITACI\u00d3 DE RESPONSABILITAT<\/strong><br \/>\nQui utilitza aquest lloc web, ho fa pel seu propi compte i risc Crea Mobiliario 2014 Sl. no es responsabilitza dels errors o omissions de qu\u00e8 poguessin patir els continguts aquest lloc web. Crea Mobiliari 2014 Sl. tampoc podr\u00e0 ser considerat responsable per qualsevol dany derivat de la utilitzaci\u00f3 d&#8217;aquest lloc web, ni per qualsevol actuaci\u00f3 realitzada sobre la base de la informaci\u00f3 que s&#8217;hi facilita.<br \/>\nCrea Mobiliario 2014 Sl., titular d&#8217;aquest lloc web tampoc no es fa responsable dels danys inform\u00e0tics o d&#8217;altres tipus que pogu\u00e9s ocasionar a l&#8217;usuari visitant l&#8217;acc\u00e9s als continguts d&#8217;aquest lloc web. Per aix\u00f2, Crea Mobiliario 2014 Sl. no garanteix l&#8217;abs\u00e8ncia de virus o altres elements lesius que puguin causar danys o alteracions al sistema inform\u00e0tic, als documents electr\u00f2nics o als fitxers de l&#8217;usuari o continguts d&#8217;aquest lloc web. En conseq\u00fc\u00e8ncia, Crea Mobiliario 2014 Sl. no respon pels danys i perjudicis que aquests elements poguessin ocasionar a l&#8217;usuari oa tercers.<br \/>\nDes del lloc web, \u00e9s possible que es redirigeixi a continguts de tercers llocs web. At\u00e8s que Crea Mobiliario 2014 Sl. no pot controlar sempre els continguts introdu\u00efts pels tercers als seus respectius llocs web, no assumeix cap tipus de responsabilitat respecte a aquests continguts. En tot cas, procedir\u00e0 a la retirada immediata de qualsevol contingut que pogu\u00e9s contravenir la legislaci\u00f3 nacional o internacional, la moral o l&#8217;ordre p\u00fablic, procedint a la retirada immediata de la redirecci\u00f3 a aquest lloc web, posant en coneixement de les autoritats competents el contingut en q\u00fcesti\u00f3.<br \/>\nCrea Mobiliari 2014 Sl. no es fa responsable de la informaci\u00f3 i continguts emmagatzemats, a t\u00edtol enunciatiu per\u00f2 no limitatiu, en f\u00f2rums, xats, generadors de blocs, comentaris, xarxes socials o qualsevol altre mitj\u00e0 que permeti a tercers publicar continguts de forma independent a la p\u00e0gina web. No obstant aix\u00f2, i en compliment del que disposen els articles 11 i 16 de la LSSICE, es posa a disposici\u00f3 de tots els usuaris, autoritats i forces de seguretat, col\u00b7laborant de manera activa en la retirada o, si escau, bloqueig de tots aquells continguts que puguin afectar o contravenir la legislaci\u00f3 nacional o internacional, els drets de tercers o la moral i l&#8217;ordre p\u00fablic. En cas que l&#8217;usuari consideri que hi ha al lloc web algun contingut que pogu\u00e9s ser susceptible d&#8217;aquesta classificaci\u00f3, es prega que ho notifiqui de manera immediata a l&#8217;administrador del lloc web.<br \/>\nEls servidors del lloc web podran detectar autom\u00e0ticament l&#8217;adre\u00e7a IP i el nom de domini utilitzats per l&#8217;usuari Una adre\u00e7a IP \u00e9s un n\u00famero assignat autom\u00e0ticament a un ordinador quan aquest es connecta a Internet. Tota aquesta informaci\u00f3 es registra en un fitxer d&#8217;activitat del servidor degudament inscrit que permet el processament posterior de les dades per tal d&#8217;obtenir mesures \u00fanicament estad\u00edstiques que permetin con\u00e8ixer el nombre d&#8217;impressions de p\u00e0gines, el nombre de visites realitzades als servidors web, l&#8217;ordre de visites, el punt d&#8217;acc\u00e9s, etc.<\/p>\n<p>&nbsp;<\/p>\n<p><strong>4.- DRETS DE PROPIETAT INTEL\u00b7LECTUAL I INDUSTRIAL<\/strong><br \/>\nEl lloc web, incloent-hi a t\u00edtol enunciatiu per\u00f2 no limitatiu la seva programaci\u00f3, edici\u00f3, compilaci\u00f3 i altres elements necessaris per al seu funcionament, els dissenys, logotips, text i\/o gr\u00e0fics, s\u00f3n propietat de Crea Mobiliario 2014 Sl. o, si escau, disposa de llic\u00e8ncia o autoritzaci\u00f3 expressa per part dels autors. Tots els continguts del lloc web es troben degudament protegits per la normativa de propietat intel\u00b7lectual i industrial, aix\u00ed com inscrits als registres p\u00fablics corresponents. Independentment de la finalitat per a la qual fossin destinats, la reproducci\u00f3 total o parcial, \u00fas, explotaci\u00f3, distribuci\u00f3 i comercialitzaci\u00f3, requereix en tot cas de l&#8217;autoritzaci\u00f3 escrita pr\u00e8via per part de Crea Mobiliario 2014 Sl. Qualsevol \u00fas no autoritzat pr\u00e8viament es considera un incompliment greu dels drets de propietat intel\u00b7lectual o industrial de l&#8217;autor.<\/p>\n<p>&nbsp;<\/p>\n<p><strong>5.- LLEI APLICABLE I JURISDICCI\u00d3<\/strong><\/p>\n<p>Per a la resoluci\u00f3 de totes les controv\u00e8rsies o q\u00fcestions relacionades amb aquest lloc web o de les activitats que s&#8217;hi desenvolupin, \u00e9s aplicable la legislaci\u00f3 espanyola, a la qual se sotmeten expressament les parts, i s\u00f3n competents per a la resoluci\u00f3 de tots els conflictes derivats o relacionats amb el seu \u00fas els jutjats i tribunals de BARCELONA.<\/p>\n","protected":false},"excerpt":{"rendered":"<p>1.- IDENTIFICADOR DEL TITULAR DEL PRESENT LLOC I P\u00c0GINES WEB Per tal de donar compliment al que disposen les obligacions disposades a la Llei 34\/2002, d&#8217;11 de juliol, de Serveis de la Societat de la Informaci\u00f3 i de Comer\u00e7 Electr\u00f2nic (LSSICE), a continuaci\u00f3 s&#8217;indiquen les dades d&#8217;informaci\u00f3 general i d&#8217;identificaci\u00f3 d&#8217;aquest lloc web. Aquest lloc [&hellip;]<\/p>\n","protected":false},"author":2,"featured_media":0,"parent":0,"menu_order":0,"comment_status":"closed","ping_status":"closed","template":"","meta":{"_acf_changed":false,"footnotes":""},"class_list":["post-563","page","type-page","status-publish","hentry"],"acf":[],"yoast_head":"<!-- This site is optimized with the Yoast SEO plugin v27.5 - https:\/\/yoast.com\/product\/yoast-seo-wordpress\/ -->\n<title>Av\u00eds legal - Crea Mobiliario<\/title>\n<meta name=\"robots\" content=\"index, follow, max-snippet:-1, max-image-preview:large, max-video-preview:-1\" \/>\n<link rel=\"canonical\" href=\"https:\/\/creamobiliariobcn.com\/ca\/avis-legal\/\" \/>\n<meta property=\"og:locale\" content=\"ca_ES\" \/>\n<meta property=\"og:type\" content=\"article\" \/>\n<meta property=\"og:title\" content=\"Av\u00eds legal - Crea Mobiliario\" \/>\n<meta property=\"og:description\" content=\"1.- IDENTIFICADOR DEL TITULAR DEL PRESENT LLOC I P\u00c0GINES WEB Per tal de donar compliment al que disposen les obligacions disposades a la Llei 34\/2002, d&#8217;11 de juliol, de Serveis de la Societat de la Informaci\u00f3 i de Comer\u00e7 Electr\u00f2nic (LSSICE), a continuaci\u00f3 s&#8217;indiquen les dades d&#8217;informaci\u00f3 general i d&#8217;identificaci\u00f3 d&#8217;aquest lloc web. Aquest lloc [&hellip;]\" \/>\n<meta property=\"og:url\" content=\"https:\/\/creamobiliariobcn.com\/ca\/avis-legal\/\" \/>\n<meta property=\"og:site_name\" content=\"Crea Mobiliario\" \/>\n<meta property=\"article:modified_time\" content=\"2025-02-18T11:56:23+00:00\" \/>\n<meta name=\"twitter:card\" content=\"summary_large_image\" \/>\n<meta name=\"twitter:label1\" content=\"Temps estimat de lectura\" \/>\n\t<meta name=\"twitter:data1\" content=\"5 minuts\" \/>\n<script type=\"application\/ld+json\" class=\"yoast-schema-graph\">{\"@context\":\"https:\\\/\\\/schema.org\",\"@graph\":[{\"@type\":\"WebPage\",\"@id\":\"https:\\\/\\\/creamobiliariobcn.com\\\/ca\\\/avis-legal\\\/\",\"url\":\"https:\\\/\\\/creamobiliariobcn.com\\\/ca\\\/avis-legal\\\/\",\"name\":\"Av\u00eds legal - Crea Mobiliario\",\"isPartOf\":{\"@id\":\"https:\\\/\\\/creamobiliariobcn.com\\\/ca\\\/#website\"},\"datePublished\":\"2025-02-12T16:18:32+00:00\",\"dateModified\":\"2025-02-18T11:56:23+00:00\",\"breadcrumb\":{\"@id\":\"https:\\\/\\\/creamobiliariobcn.com\\\/ca\\\/avis-legal\\\/#breadcrumb\"},\"inLanguage\":\"ca\",\"potentialAction\":[{\"@type\":\"ReadAction\",\"target\":[\"https:\\\/\\\/creamobiliariobcn.com\\\/ca\\\/avis-legal\\\/\"]}]},{\"@type\":\"BreadcrumbList\",\"@id\":\"https:\\\/\\\/creamobiliariobcn.com\\\/ca\\\/avis-legal\\\/#breadcrumb\",\"itemListElement\":[{\"@type\":\"ListItem\",\"position\":1,\"name\":\"Portada\",\"item\":\"https:\\\/\\\/creamobiliariobcn.com\\\/ca\\\/inici\\\/\"},{\"@type\":\"ListItem\",\"position\":2,\"name\":\"Av\u00eds legal\"}]},{\"@type\":\"WebSite\",\"@id\":\"https:\\\/\\\/creamobiliariobcn.com\\\/ca\\\/#website\",\"url\":\"https:\\\/\\\/creamobiliariobcn.com\\\/ca\\\/\",\"name\":\"Crea Mobiliari\",\"description\":\"Mobiliario a medida para cocinas y vestidores\",\"publisher\":{\"@id\":\"https:\\\/\\\/creamobiliariobcn.com\\\/ca\\\/#organization\"},\"potentialAction\":[{\"@type\":\"SearchAction\",\"target\":{\"@type\":\"EntryPoint\",\"urlTemplate\":\"https:\\\/\\\/creamobiliariobcn.com\\\/ca\\\/?s={search_term_string}\"},\"query-input\":{\"@type\":\"PropertyValueSpecification\",\"valueRequired\":true,\"valueName\":\"search_term_string\"}}],\"inLanguage\":\"ca\"},{\"@type\":\"Organization\",\"@id\":\"https:\\\/\\\/creamobiliariobcn.com\\\/ca\\\/#organization\",\"name\":\"Crea Mobiliari\",\"url\":\"https:\\\/\\\/creamobiliariobcn.com\\\/ca\\\/\",\"logo\":{\"@type\":\"ImageObject\",\"inLanguage\":\"ca\",\"@id\":\"https:\\\/\\\/creamobiliariobcn.com\\\/ca\\\/#\\\/schema\\\/logo\\\/image\\\/\",\"url\":\"https:\\\/\\\/creamobiliariobcn.com\\\/wp-content\\\/uploads\\\/2025\\\/01\\\/logo-crea-mobiliario.svg\",\"contentUrl\":\"https:\\\/\\\/creamobiliariobcn.com\\\/wp-content\\\/uploads\\\/2025\\\/01\\\/logo-crea-mobiliario.svg\",\"width\":176,\"height\":60,\"caption\":\"Crea Mobiliari\"},\"image\":{\"@id\":\"https:\\\/\\\/creamobiliariobcn.com\\\/ca\\\/#\\\/schema\\\/logo\\\/image\\\/\"},\"sameAs\":[\"https:\\\/\\\/www.instagram.com\\\/creamobiliario\\\/\"]}]}<\/script>\n<!-- \/ Yoast SEO plugin. -->","yoast_head_json":{"title":"Av\u00eds legal - Crea Mobiliario","robots":{"index":"index","follow":"follow","max-snippet":"max-snippet:-1","max-image-preview":"max-image-preview:large","max-video-preview":"max-video-preview:-1"},"canonical":"https:\/\/creamobiliariobcn.com\/ca\/avis-legal\/","og_locale":"ca_ES","og_type":"article","og_title":"Av\u00eds legal - Crea Mobiliario","og_description":"1.- IDENTIFICADOR DEL TITULAR DEL PRESENT LLOC I P\u00c0GINES WEB Per tal de donar compliment al que disposen les obligacions disposades a la Llei 34\/2002, d&#8217;11 de juliol, de Serveis de la Societat de la Informaci\u00f3 i de Comer\u00e7 Electr\u00f2nic (LSSICE), a continuaci\u00f3 s&#8217;indiquen les dades d&#8217;informaci\u00f3 general i d&#8217;identificaci\u00f3 d&#8217;aquest lloc web. Aquest lloc [&hellip;]","og_url":"https:\/\/creamobiliariobcn.com\/ca\/avis-legal\/","og_site_name":"Crea Mobiliario","article_modified_time":"2025-02-18T11:56:23+00:00","twitter_card":"summary_large_image","twitter_misc":{"Temps estimat de lectura":"5 minuts"},"schema":{"@context":"https:\/\/schema.org","@graph":[{"@type":"WebPage","@id":"https:\/\/creamobiliariobcn.com\/ca\/avis-legal\/","url":"https:\/\/creamobiliariobcn.com\/ca\/avis-legal\/","name":"Av\u00eds legal - Crea Mobiliario","isPartOf":{"@id":"https:\/\/creamobiliariobcn.com\/ca\/#website"},"datePublished":"2025-02-12T16:18:32+00:00","dateModified":"2025-02-18T11:56:23+00:00","breadcrumb":{"@id":"https:\/\/creamobiliariobcn.com\/ca\/avis-legal\/#breadcrumb"},"inLanguage":"ca","potentialAction":[{"@type":"ReadAction","target":["https:\/\/creamobiliariobcn.com\/ca\/avis-legal\/"]}]},{"@type":"BreadcrumbList","@id":"https:\/\/creamobiliariobcn.com\/ca\/avis-legal\/#breadcrumb","itemListElement":[{"@type":"ListItem","position":1,"name":"Portada","item":"https:\/\/creamobiliariobcn.com\/ca\/inici\/"},{"@type":"ListItem","position":2,"name":"Av\u00eds legal"}]},{"@type":"WebSite","@id":"https:\/\/creamobiliariobcn.com\/ca\/#website","url":"https:\/\/creamobiliariobcn.com\/ca\/","name":"Crea Mobiliari","description":"Mobiliario a medida para cocinas y vestidores","publisher":{"@id":"https:\/\/creamobiliariobcn.com\/ca\/#organization"},"potentialAction":[{"@type":"SearchAction","target":{"@type":"EntryPoint","urlTemplate":"https:\/\/creamobiliariobcn.com\/ca\/?s={search_term_string}"},"query-input":{"@type":"PropertyValueSpecification","valueRequired":true,"valueName":"search_term_string"}}],"inLanguage":"ca"},{"@type":"Organization","@id":"https:\/\/creamobiliariobcn.com\/ca\/#organization","name":"Crea Mobiliari","url":"https:\/\/creamobiliariobcn.com\/ca\/","logo":{"@type":"ImageObject","inLanguage":"ca","@id":"https:\/\/creamobiliariobcn.com\/ca\/#\/schema\/logo\/image\/","url":"https:\/\/creamobiliariobcn.com\/wp-content\/uploads\/2025\/01\/logo-crea-mobiliario.svg","contentUrl":"https:\/\/creamobiliariobcn.com\/wp-content\/uploads\/2025\/01\/logo-crea-mobiliario.svg","width":176,"height":60,"caption":"Crea Mobiliari"},"image":{"@id":"https:\/\/creamobiliariobcn.com\/ca\/#\/schema\/logo\/image\/"},"sameAs":["https:\/\/www.instagram.com\/creamobiliario\/"]}]}},"_links":{"self":[{"href":"https:\/\/creamobiliariobcn.com\/ca\/wp-json\/wp\/v2\/pages\/563","targetHints":{"allow":["GET"]}}],"collection":[{"href":"https:\/\/creamobiliariobcn.com\/ca\/wp-json\/wp\/v2\/pages"}],"about":[{"href":"https:\/\/creamobiliariobcn.com\/ca\/wp-json\/wp\/v2\/types\/page"}],"author":[{"embeddable":true,"href":"https:\/\/creamobiliariobcn.com\/ca\/wp-json\/wp\/v2\/users\/2"}],"replies":[{"embeddable":true,"href":"https:\/\/creamobiliariobcn.com\/ca\/wp-json\/wp\/v2\/comments?post=563"}],"version-history":[{"count":1,"href":"https:\/\/creamobiliariobcn.com\/ca\/wp-json\/wp\/v2\/pages\/563\/revisions"}],"predecessor-version":[{"id":564,"href":"https:\/\/creamobiliariobcn.com\/ca\/wp-json\/wp\/v2\/pages\/563\/revisions\/564"}],"wp:attachment":[{"href":"https:\/\/creamobiliariobcn.com\/ca\/wp-json\/wp\/v2\/media?parent=563"}],"curies":[{"name":"wp","href":"https:\/\/api.w.org\/{rel}","templated":true}]}}