{"id":565,"date":"2025-02-12T16:18:42","date_gmt":"2025-02-12T16:18:42","guid":{"rendered":"https:\/\/creamobiliariobcn.com\/?page_id=565"},"modified":"2025-02-18T11:55:59","modified_gmt":"2025-02-18T11:55:59","slug":"politica-de-privacitat","status":"publish","type":"page","link":"https:\/\/creamobiliariobcn.com\/ca\/politica-de-privacitat\/","title":{"rendered":"Pol\u00edtica de privacitat"},"content":{"rendered":"<p><span style=\"font-weight: 300;\">En compliment del que estableix el Reglament General Europeu de Protecci\u00f3 de Dades 2016\/679 del 27 d&#8217;abril de 2016 (RGPD) i de la Llei org\u00e0nica 3\/2018, de 5 de desembre, de protecci\u00f3 de dades personals i garantia dels drets. IF <\/span>B66815150 <span style=\"font-weight: 300;\">informa l&#8217;usuari\/client de l&#8217;exist\u00e8ncia d&#8217;un fitxer automatitzat de dades de car\u00e0cter personal, creat per Crea Mobiliario 2014 Sl. i gestionat sota la seva responsabilitat, com a Responsable del Tractament, amb la finalitat de realitzar el manteniment i la gesti\u00f3 de la relaci\u00f3 amb els sol\u00b7licitants d&#8217;informaci\u00f3 o clients que han accedit i han proporcionat la informaci\u00f3 i l&#8217;autoritzaci\u00f3 del tractament de la informaci\u00f3 a trav\u00e9s dels formularis electr\u00f2nics d&#8217;aquest lloc o mitjan\u00e7ant missatges de correu electr\u00f2nic.<\/span><\/p>\n<p><span style=\"font-weight: 300;\">Les dades que l&#8217;usuari facilita a Crea Mobiliario 2014 Sl. tenen com a finalitat mantenir una relaci\u00f3 comercial amb l&#8217;usuari, gestionar la seva sol\u00b7licitud, facilitar-li la informaci\u00f3 i\/o serveis que sol\u00b7liciti, aix\u00ed com informaci\u00f3 tecnicocomercial. Sense car\u00e0cter exclusiu, les operacions previstes per realitzar el tractament s\u00f3n:<\/span><\/p>\n<ul>\n<li style=\"font-weight: 300;\" aria-level=\"1\"><span style=\"font-weight: 300;\">Remissi\u00f3 de comunicacions comercials publicit\u00e0ries per email, fax, SMS, MMS, comunitats socials o qualsevol altre mitj\u00e0 electr\u00f2nic o f\u00edsic, present o futur, que possibiliti realitzar comunicacions comercials. Aquestes comunicacions seran realitzades pel RESPONSABLE, i relacionades sobre els seus productes i serveis, o pels seus col\u00b7laboradors o prove\u00efdors amb qu\u00e8 aquest hagi assolit algun acord de promoci\u00f3. En aquest cas, els tercers mai no tindran acc\u00e9s a les dades personals.<\/span><\/li>\n<li style=\"font-weight: 300;\" aria-level=\"1\"><span style=\"font-weight: 300;\">Realitzar estudis estad\u00edstics.<\/span><\/li>\n<li style=\"font-weight: 300;\" aria-level=\"1\"><span style=\"font-weight: 300;\">Tramitar enc\u00e0rrecs, sol\u00b7licituds o qualsevol tipus de petici\u00f3 que sigui realitzada per l&#8217;usuari a trav\u00e9s de qualsevol de les formes de contacte que es posen a la vostra disposici\u00f3.<\/span><\/li>\n<li style=\"font-weight: 300;\" aria-level=\"1\"><span style=\"font-weight: 300;\">Remetre el butllet\u00ed de not\u00edcies de la p\u00e0gina web.<\/span><\/li>\n<\/ul>\n<p><span style=\"font-weight: 300;\">\u00a0<\/span><\/p>\n<p><span style=\"font-weight: 300;\">Excepte en els camps en qu\u00e8 expressament s&#8217;indiqui el contrari per ser obligatoris, el lliurament d&#8217;informaci\u00f3 requerida sobre dades personals tindr\u00e0 el car\u00e0cter de voluntari i optatiu, sense que la negativa a facilitar aquesta informaci\u00f3 volunt\u00e0ria i optativa impliqui un minvament en la qualitat o quantitat dels serveis que sol\u00b7liciteu. La manca d&#8217;emplenament dels camps determinats com a obligatoris o el subministrament de dades incorrectes impossibilitar\u00e0 que Crea Mobiliario 2014 Sl. pugueu gestionar la vostra sol\u00b7licitud o enviar-vos la informaci\u00f3 sol\u00b7licitada<\/span><\/p>\n<p><span style=\"font-weight: 300;\">En relaci\u00f3 amb les dades recollides en la forma prevista en els apartats anteriors, l&#8217;usuari podr\u00e0 exercir els drets reconeguts pel RGPD i la LOPD, sent aquests els drets d&#8217;acc\u00e9s, rectificaci\u00f3 o cancel\u00b7laci\u00f3 de dades, oposici\u00f3, supressi\u00f3 o dret a l&#8217;oblit, limitaci\u00f3 i portabilitat. Per exercir-los es pot fer mitjan\u00e7ant un correu electr\u00f2nic a l&#8217;adre\u00e7a <\/span><span style=\"font-weight: 400;\">comercial@crea-mobiliario.es<\/span><\/p>\n<p><span style=\"font-weight: 300;\">Dita comunicaci\u00f3 de sol\u00b7licitud haur\u00e0 de contenir les dades seg\u00fcents: nom i cognoms de l&#8217;Usuari, domicili a efectes de notificacions, fotoc\u00f2pia del Document Nacional d&#8217;Identitat o Passaport, i petici\u00f3 en qu\u00e8 es concreta la sol\u00b7licitud. En cas d&#8217;actuar en representaci\u00f3 de tercer, s&#8217;haur\u00e0 de provar aquesta mitjan\u00e7ant document fefaent.<\/span><\/p>\n<p><span style=\"font-weight: 300;\">Crea Mobiliari 2014 Sl. guardar\u00e0 les dades de car\u00e0cter personal que hagi demanat i adoptar\u00e0 les mesures necess\u00e0ries per evitar la seva alteraci\u00f3, p\u00e8rdua, tractament o acc\u00e9s no autoritzats. Crea Mobiliari 2014 Sl. complir\u00e0 aquests deures d&#8217;acord amb all\u00f2 establert per la normativa europea del RGPD i LOPD. Es conservaran les dades personals mentre hi hagi un inter\u00e8s mutu per mantenir la fi del tractament i, quan ja no sigui necessari amb aquesta finalitat, se suprimiran amb mesures de seguretat adequades per garantir la pseudonimitzaci\u00f3 de les dades o la seva destrucci\u00f3 total.<\/span><\/p>\n<p><span style=\"font-weight: 300;\">Aix\u00ed mateix, tot el personal de Crea Mobiliario 2014 Sl., aix\u00ed com els seus possibles prove\u00efdors, subcontractats o col\u00b7laboradors, assumeixen el comprom\u00eds de dur a terme la seva tasca professional respectant la confidencialitat, les obligacions i les mesures de seguretat establertes en el marc de la Protecci\u00f3.<\/span><\/p>\n<p><span style=\"font-weight: 300;\">En aquells casos en qu\u00e8 hi hagi autoritzaci\u00f3, Crea Mobiliario 2014 Sl. podr\u00e0 enviar informaci\u00f3 tecnicocomercial als usuaris. podr\u00e0 enviar informaci\u00f3 t\u00e8cnico-comercial als usuaris.<\/span><\/p>\n<p><span style=\"font-weight: 300;\">Crea Mobiliari 2014 Sl. podr\u00e0 cedir aquestes dades personals \u00fanicament a les entitats que hi col\u00b7laborin en el tractament de la informaci\u00f3 i amb les finalitats anteriorment indicades i autoritzades per l&#8217;usuari.<\/span><\/p>\n<p><span style=\"font-weight: 300;\">Crea Mobiliari 2014 Sl. NO t\u00e9 contractats serveis de prove\u00efdors tecnol\u00f2gics ubicats a pa\u00efsos que no siguin europeus o b\u00e9 no disposin d&#8217;una normativa equivalent a l&#8217;europea (Tercers Pa\u00efsos) Qualsevol contractaci\u00f3 futura de serveis a encarregats de tractament de dades realitzada per Crea Mobiliario 2014 Sl. sempre complir\u00e0 amb tots els requisits establerts per la normativa europea de protecci\u00f3 de dades, aplicant en el tractament de les seves dades les garanties i salvaguardes necess\u00e0ries per preservar la seva privadesa d&#8217;aquesta informaci\u00f3.<\/span><\/p>\n<p><span style=\"font-weight: 300;\">Crea Mobiliari 2014 Sl. utilitza cookies per accedir a informaci\u00f3 relativa als usuaris del lloc web, proporcionant la informaci\u00f3 p\u00fablica i accessible a la Pol\u00edtica de Cookies.<\/span><\/p>\n<p><span style=\"font-weight: 300;\">Crea Mobiliari 2014 Sl. desenvolupa la seva activitat empresarial de conformitat amb les obligacions d&#8217;informaci\u00f3, desenvolupament de procediments i \u00f2rgans de control i comunicaci\u00f3 interns i altres obligacions previstes a la normativa vigent sobre mesures de prevenci\u00f3 del blanqueig de capitals.<\/span><\/p>\n<p>&nbsp;<\/p>\n","protected":false},"excerpt":{"rendered":"<p>En compliment del que estableix el Reglament General Europeu de Protecci\u00f3 de Dades 2016\/679 del 27 d&#8217;abril de 2016 (RGPD) i de la Llei org\u00e0nica 3\/2018, de 5 de desembre, de protecci\u00f3 de dades personals i garantia dels drets. IF B66815150 informa l&#8217;usuari\/client de l&#8217;exist\u00e8ncia d&#8217;un fitxer automatitzat de dades de car\u00e0cter personal, creat per [&hellip;]<\/p>\n","protected":false},"author":2,"featured_media":0,"parent":0,"menu_order":0,"comment_status":"closed","ping_status":"closed","template":"","meta":{"_acf_changed":false,"footnotes":""},"class_list":["post-565","page","type-page","status-publish","hentry"],"acf":[],"yoast_head":"<!-- This site is optimized with the Yoast SEO plugin v27.5 - https:\/\/yoast.com\/product\/yoast-seo-wordpress\/ -->\n<title>Pol\u00edtica de privacitat - Crea Mobiliario<\/title>\n<meta name=\"robots\" content=\"index, follow, max-snippet:-1, max-image-preview:large, max-video-preview:-1\" \/>\n<link rel=\"canonical\" href=\"https:\/\/creamobiliariobcn.com\/ca\/politica-de-privacitat\/\" \/>\n<meta property=\"og:locale\" content=\"ca_ES\" \/>\n<meta property=\"og:type\" content=\"article\" \/>\n<meta property=\"og:title\" content=\"Pol\u00edtica de privacitat - Crea Mobiliario\" \/>\n<meta property=\"og:description\" content=\"En compliment del que estableix el Reglament General Europeu de Protecci\u00f3 de Dades 2016\/679 del 27 d&#8217;abril de 2016 (RGPD) i de la Llei org\u00e0nica 3\/2018, de 5 de desembre, de protecci\u00f3 de dades personals i garantia dels drets. IF B66815150 informa l&#8217;usuari\/client de l&#8217;exist\u00e8ncia d&#8217;un fitxer automatitzat de dades de car\u00e0cter personal, creat per [&hellip;]\" \/>\n<meta property=\"og:url\" content=\"https:\/\/creamobiliariobcn.com\/ca\/politica-de-privacitat\/\" \/>\n<meta property=\"og:site_name\" content=\"Crea Mobiliario\" \/>\n<meta property=\"article:modified_time\" content=\"2025-02-18T11:55:59+00:00\" \/>\n<meta name=\"twitter:card\" content=\"summary_large_image\" \/>\n<meta name=\"twitter:label1\" content=\"Temps estimat de lectura\" \/>\n\t<meta name=\"twitter:data1\" content=\"4 minuts\" \/>\n<script type=\"application\/ld+json\" class=\"yoast-schema-graph\">{\"@context\":\"https:\\\/\\\/schema.org\",\"@graph\":[{\"@type\":\"WebPage\",\"@id\":\"https:\\\/\\\/creamobiliariobcn.com\\\/ca\\\/politica-de-privacitat\\\/\",\"url\":\"https:\\\/\\\/creamobiliariobcn.com\\\/ca\\\/politica-de-privacitat\\\/\",\"name\":\"Pol\u00edtica de privacitat - Crea Mobiliario\",\"isPartOf\":{\"@id\":\"https:\\\/\\\/creamobiliariobcn.com\\\/ca\\\/#website\"},\"datePublished\":\"2025-02-12T16:18:42+00:00\",\"dateModified\":\"2025-02-18T11:55:59+00:00\",\"breadcrumb\":{\"@id\":\"https:\\\/\\\/creamobiliariobcn.com\\\/ca\\\/politica-de-privacitat\\\/#breadcrumb\"},\"inLanguage\":\"ca\",\"potentialAction\":[{\"@type\":\"ReadAction\",\"target\":[\"https:\\\/\\\/creamobiliariobcn.com\\\/ca\\\/politica-de-privacitat\\\/\"]}]},{\"@type\":\"BreadcrumbList\",\"@id\":\"https:\\\/\\\/creamobiliariobcn.com\\\/ca\\\/politica-de-privacitat\\\/#breadcrumb\",\"itemListElement\":[{\"@type\":\"ListItem\",\"position\":1,\"name\":\"Portada\",\"item\":\"https:\\\/\\\/creamobiliariobcn.com\\\/ca\\\/inici\\\/\"},{\"@type\":\"ListItem\",\"position\":2,\"name\":\"Pol\u00edtica de privacitat\"}]},{\"@type\":\"WebSite\",\"@id\":\"https:\\\/\\\/creamobiliariobcn.com\\\/ca\\\/#website\",\"url\":\"https:\\\/\\\/creamobiliariobcn.com\\\/ca\\\/\",\"name\":\"Crea Mobiliari\",\"description\":\"Mobiliario a medida para cocinas y vestidores\",\"publisher\":{\"@id\":\"https:\\\/\\\/creamobiliariobcn.com\\\/ca\\\/#organization\"},\"potentialAction\":[{\"@type\":\"SearchAction\",\"target\":{\"@type\":\"EntryPoint\",\"urlTemplate\":\"https:\\\/\\\/creamobiliariobcn.com\\\/ca\\\/?s={search_term_string}\"},\"query-input\":{\"@type\":\"PropertyValueSpecification\",\"valueRequired\":true,\"valueName\":\"search_term_string\"}}],\"inLanguage\":\"ca\"},{\"@type\":\"Organization\",\"@id\":\"https:\\\/\\\/creamobiliariobcn.com\\\/ca\\\/#organization\",\"name\":\"Crea Mobiliari\",\"url\":\"https:\\\/\\\/creamobiliariobcn.com\\\/ca\\\/\",\"logo\":{\"@type\":\"ImageObject\",\"inLanguage\":\"ca\",\"@id\":\"https:\\\/\\\/creamobiliariobcn.com\\\/ca\\\/#\\\/schema\\\/logo\\\/image\\\/\",\"url\":\"https:\\\/\\\/creamobiliariobcn.com\\\/wp-content\\\/uploads\\\/2025\\\/01\\\/logo-crea-mobiliario.svg\",\"contentUrl\":\"https:\\\/\\\/creamobiliariobcn.com\\\/wp-content\\\/uploads\\\/2025\\\/01\\\/logo-crea-mobiliario.svg\",\"width\":176,\"height\":60,\"caption\":\"Crea Mobiliari\"},\"image\":{\"@id\":\"https:\\\/\\\/creamobiliariobcn.com\\\/ca\\\/#\\\/schema\\\/logo\\\/image\\\/\"},\"sameAs\":[\"https:\\\/\\\/www.instagram.com\\\/creamobiliario\\\/\"]}]}<\/script>\n<!-- \/ Yoast SEO plugin. -->","yoast_head_json":{"title":"Pol\u00edtica de privacitat - Crea Mobiliario","robots":{"index":"index","follow":"follow","max-snippet":"max-snippet:-1","max-image-preview":"max-image-preview:large","max-video-preview":"max-video-preview:-1"},"canonical":"https:\/\/creamobiliariobcn.com\/ca\/politica-de-privacitat\/","og_locale":"ca_ES","og_type":"article","og_title":"Pol\u00edtica de privacitat - Crea Mobiliario","og_description":"En compliment del que estableix el Reglament General Europeu de Protecci\u00f3 de Dades 2016\/679 del 27 d&#8217;abril de 2016 (RGPD) i de la Llei org\u00e0nica 3\/2018, de 5 de desembre, de protecci\u00f3 de dades personals i garantia dels drets. IF B66815150 informa l&#8217;usuari\/client de l&#8217;exist\u00e8ncia d&#8217;un fitxer automatitzat de dades de car\u00e0cter personal, creat per [&hellip;]","og_url":"https:\/\/creamobiliariobcn.com\/ca\/politica-de-privacitat\/","og_site_name":"Crea Mobiliario","article_modified_time":"2025-02-18T11:55:59+00:00","twitter_card":"summary_large_image","twitter_misc":{"Temps estimat de lectura":"4 minuts"},"schema":{"@context":"https:\/\/schema.org","@graph":[{"@type":"WebPage","@id":"https:\/\/creamobiliariobcn.com\/ca\/politica-de-privacitat\/","url":"https:\/\/creamobiliariobcn.com\/ca\/politica-de-privacitat\/","name":"Pol\u00edtica de privacitat - Crea Mobiliario","isPartOf":{"@id":"https:\/\/creamobiliariobcn.com\/ca\/#website"},"datePublished":"2025-02-12T16:18:42+00:00","dateModified":"2025-02-18T11:55:59+00:00","breadcrumb":{"@id":"https:\/\/creamobiliariobcn.com\/ca\/politica-de-privacitat\/#breadcrumb"},"inLanguage":"ca","potentialAction":[{"@type":"ReadAction","target":["https:\/\/creamobiliariobcn.com\/ca\/politica-de-privacitat\/"]}]},{"@type":"BreadcrumbList","@id":"https:\/\/creamobiliariobcn.com\/ca\/politica-de-privacitat\/#breadcrumb","itemListElement":[{"@type":"ListItem","position":1,"name":"Portada","item":"https:\/\/creamobiliariobcn.com\/ca\/inici\/"},{"@type":"ListItem","position":2,"name":"Pol\u00edtica de privacitat"}]},{"@type":"WebSite","@id":"https:\/\/creamobiliariobcn.com\/ca\/#website","url":"https:\/\/creamobiliariobcn.com\/ca\/","name":"Crea Mobiliari","description":"Mobiliario a medida para cocinas y vestidores","publisher":{"@id":"https:\/\/creamobiliariobcn.com\/ca\/#organization"},"potentialAction":[{"@type":"SearchAction","target":{"@type":"EntryPoint","urlTemplate":"https:\/\/creamobiliariobcn.com\/ca\/?s={search_term_string}"},"query-input":{"@type":"PropertyValueSpecification","valueRequired":true,"valueName":"search_term_string"}}],"inLanguage":"ca"},{"@type":"Organization","@id":"https:\/\/creamobiliariobcn.com\/ca\/#organization","name":"Crea Mobiliari","url":"https:\/\/creamobiliariobcn.com\/ca\/","logo":{"@type":"ImageObject","inLanguage":"ca","@id":"https:\/\/creamobiliariobcn.com\/ca\/#\/schema\/logo\/image\/","url":"https:\/\/creamobiliariobcn.com\/wp-content\/uploads\/2025\/01\/logo-crea-mobiliario.svg","contentUrl":"https:\/\/creamobiliariobcn.com\/wp-content\/uploads\/2025\/01\/logo-crea-mobiliario.svg","width":176,"height":60,"caption":"Crea Mobiliari"},"image":{"@id":"https:\/\/creamobiliariobcn.com\/ca\/#\/schema\/logo\/image\/"},"sameAs":["https:\/\/www.instagram.com\/creamobiliario\/"]}]}},"_links":{"self":[{"href":"https:\/\/creamobiliariobcn.com\/ca\/wp-json\/wp\/v2\/pages\/565","targetHints":{"allow":["GET"]}}],"collection":[{"href":"https:\/\/creamobiliariobcn.com\/ca\/wp-json\/wp\/v2\/pages"}],"about":[{"href":"https:\/\/creamobiliariobcn.com\/ca\/wp-json\/wp\/v2\/types\/page"}],"author":[{"embeddable":true,"href":"https:\/\/creamobiliariobcn.com\/ca\/wp-json\/wp\/v2\/users\/2"}],"replies":[{"embeddable":true,"href":"https:\/\/creamobiliariobcn.com\/ca\/wp-json\/wp\/v2\/comments?post=565"}],"version-history":[{"count":1,"href":"https:\/\/creamobiliariobcn.com\/ca\/wp-json\/wp\/v2\/pages\/565\/revisions"}],"predecessor-version":[{"id":566,"href":"https:\/\/creamobiliariobcn.com\/ca\/wp-json\/wp\/v2\/pages\/565\/revisions\/566"}],"wp:attachment":[{"href":"https:\/\/creamobiliariobcn.com\/ca\/wp-json\/wp\/v2\/media?parent=565"}],"curies":[{"name":"wp","href":"https:\/\/api.w.org\/{rel}","templated":true}]}}